{"version":"1.0","provider_name":"Federassantas","provider_url":"https:\/\/www.federassantas.org.br\/novosite","title":"Relat\u00f3rio comprova baixo investimento na sa\u00fade em Minas - Federassantas","type":"rich","width":600,"height":338,"html":"<blockquote class=\"wp-embedded-content\" data-secret=\"24ftD580Xd\"><a href=\"https:\/\/www.federassantas.org.br\/novosite\/relatorio-comprova-baixo-investimento-na-saude-em-minas\/\">Relat\u00f3rio comprova baixo investimento na sa\u00fade em Minas<\/a><\/blockquote><iframe sandbox=\"allow-scripts\" security=\"restricted\" src=\"https:\/\/www.federassantas.org.br\/novosite\/relatorio-comprova-baixo-investimento-na-saude-em-minas\/embed\/#?secret=24ftD580Xd\" width=\"600\" height=\"338\" title=\"&#8220;Relat\u00f3rio comprova baixo investimento na sa\u00fade em Minas&#8221; &#8212; Federassantas\" data-secret=\"24ftD580Xd\" frameborder=\"0\" marginwidth=\"0\" marginheight=\"0\" scrolling=\"no\" class=\"wp-embedded-content\"><\/iframe><script>\n\/*! This file is auto-generated *\/\n!function(d,l){\"use strict\";l.querySelector&&d.addEventListener&&\"undefined\"!=typeof URL&&(d.wp=d.wp||{},d.wp.receiveEmbedMessage||(d.wp.receiveEmbedMessage=function(e){var t=e.data;if((t||t.secret||t.message||t.value)&&!\/[^a-zA-Z0-9]\/.test(t.secret)){for(var s,r,n,a=l.querySelectorAll('iframe[data-secret=\"'+t.secret+'\"]'),o=l.querySelectorAll('blockquote[data-secret=\"'+t.secret+'\"]'),c=new RegExp(\"^https?:$\",\"i\"),i=0;i<o.length;i++)o[i].style.display=\"none\";for(i=0;i<a.length;i++)s=a[i],e.source===s.contentWindow&&(s.removeAttribute(\"style\"),\"height\"===t.message?(1e3<(r=parseInt(t.value,10))?r=1e3:~~r<200&&(r=200),s.height=r):\"link\"===t.message&&(r=new URL(s.getAttribute(\"src\")),n=new URL(t.value),c.test(n.protocol))&&n.host===r.host&&l.activeElement===s&&(d.top.location.href=t.value))}},d.addEventListener(\"message\",d.wp.receiveEmbedMessage,!1),l.addEventListener(\"DOMContentLoaded\",function(){for(var e,t,s=l.querySelectorAll(\"iframe.wp-embedded-content\"),r=0;r<s.length;r++)(t=(e=s[r]).getAttribute(\"data-secret\"))||(t=Math.random().toString(36).substring(2,12),e.src+=\"#?secret=\"+t,e.setAttribute(\"data-secret\",t)),e.contentWindow.postMessage({message:\"ready\",secret:t},\"*\")},!1)))}(window,document);\n\/\/# sourceURL=https:\/\/www.federassantas.org.br\/novosite\/wp-includes\/js\/wp-embed.min.js\n<\/script>\n","description":"Para cumprir uma exig\u00eancia legal, t\u00e9cnicos da Secretaria de Estado da Fazenda estiveram nesta quarta-feira (11\/7\/18) na reuni\u00e3o da Comiss\u00e3o de Sa\u00fade da Assembleia Legislativa de Minas Gerais (ALMG), apresentando o\u00a0relat\u00f3rio quadrimestral de presta\u00e7\u00e3o de contas do Estado, referente ao Sistema \u00danico de Sa\u00fade (SUS). O\u00a0que mais chama a aten\u00e7\u00e3o no relat\u00f3rio apresentado, no entanto, [&hellip;]"}